{"id":63917,"date":"2024-09-13T15:46:10","date_gmt":"2024-09-13T12:46:10","guid":{"rendered":"https:\/\/www.www.santaclausreindeer.fi\/our-reindeer\/"},"modified":"2025-05-15T12:21:54","modified_gmt":"2025-05-15T09:21:54","slug":"porot-pahkinankuoressa","status":"publish","type":"page","link":"https:\/\/www.santaclausreindeer.fi\/fi\/info\/porot-pahkinankuoressa\/","title":{"rendered":"Porot p\u00e4hkin\u00e4nkuoressa \u2013\u00a0Tietoa poroista"},"content":{"rendered":"<p>[et_pb_section fb_built=&#8221;1&#8243; _builder_version=&#8221;4.27.0&#8243; _module_preset=&#8221;default&#8221; background_color=&#8221;#3E3131&#8243; custom_padding=&#8221;||39px|||&#8221; global_colors_info=&#8221;{}&#8221;][et_pb_row _builder_version=&#8221;4.27.0&#8243; _module_preset=&#8221;default&#8221; global_colors_info=&#8221;{}&#8221;][et_pb_column type=&#8221;4_4&#8243; _builder_version=&#8221;4.27.0&#8243; _module_preset=&#8221;default&#8221; global_colors_info=&#8221;{}&#8221;][et_pb_text _builder_version=&#8221;4.27.4&#8243; _module_preset=&#8221;default&#8221; text_text_color=&#8221;#FFF2D6&#8243; header_text_color=&#8221;#FFF2D6&#8243; header_2_text_color=&#8221;#FFF2D6&#8243; global_colors_info=&#8221;{}&#8221;]<\/p>\n<h1>Porot p\u00e4hkin\u00e4nkuoressa \u2013 Tietoa poroista<\/h1>\n<p>Joulupukille porot ovat erityisen t\u00e4rkeit\u00e4, sill\u00e4 niiden hyvinvoinnista huolehtiminen varmistaa, ett\u00e4 lahjat saadaan jaettua ymp\u00e4ri maailman joka joulu. Perheemme on hoitanut poroja jo vuosikymmenten ajan, ja olemme ammattilaisia tulkitsemaan niiden hyvinvointia. T\u00e4m\u00e4 pitk\u00e4 perinne ja kokemus auttavat meit\u00e4 pit\u00e4m\u00e4\u00e4n poromme tervein\u00e4 ja onnellisina. Vaikka kuumin matkailusesonki ei kest\u00e4 ymp\u00e4ri vuoden niin el\u00e4imist\u00e4 huolehtiminen on ymp\u00e4rivuotista ty\u00f6t\u00e4 joka vaatii sitoutumista ja pitk\u00e4j\u00e4nteisyytt\u00e4.<\/p>\n<p>Ihmisten ja el\u00e4inten hyvinvointi ovat meille kaikkein t\u00e4rkeimm\u00e4t prioriteetit. Kun poroilla ja ty\u00f6ntekij\u00f6ill\u00e4mme on hyv\u00e4 olla, voimme tarjota ikimuistoisia el\u00e4myksi\u00e4 my\u00f6s kaikille, jotka k\u00e4ytt\u00e4v\u00e4t palveluitamme. Ty\u00f6ntekij\u00e4mme ovat koulutettuja kertomaan lis\u00e4\u00e4 poroistamme ja niiden el\u00e4m\u00e4st\u00e4, ja he ovat aina valmiita jakamaan mielenkiintoista tietoa n\u00e4ist\u00e4 ainutlaatuisista el\u00e4imist\u00e4.<\/p>\n<p>[\/et_pb_text][\/et_pb_column][\/et_pb_row][\/et_pb_section][et_pb_section fb_built=&#8221;1&#8243; _builder_version=&#8221;4.27.0&#8243; _module_preset=&#8221;default&#8221; background_color=&#8221;#FFF9ED&#8221; background_enable_image=&#8221;off&#8221; background_blend=&#8221;multiply&#8221; global_colors_info=&#8221;{}&#8221;][et_pb_row column_structure=&#8221;1_2,1_2&#8243; _builder_version=&#8221;4.27.0&#8243; _module_preset=&#8221;default&#8221; global_colors_info=&#8221;{}&#8221;][et_pb_column type=&#8221;1_2&#8243; _builder_version=&#8221;4.27.0&#8243; _module_preset=&#8221;default&#8221; global_colors_info=&#8221;{}&#8221;][et_pb_image src=&#8221;https:\/\/www.santaclausreindeer.fi\/wp-content\/uploads\/2024\/09\/santa-claus-reindeer-our-reindeer-4.jpg&#8221; title_text=&#8221;santa-claus-reindeer-our-reindeer-4&#8243; module_class=&#8221;prod-img&#8221; _builder_version=&#8221;4.27.0&#8243; _module_preset=&#8221;default&#8221; global_colors_info=&#8221;{}&#8221;][\/et_pb_image][\/et_pb_column][et_pb_column type=&#8221;1_2&#8243; _builder_version=&#8221;4.27.0&#8243; _module_preset=&#8221;default&#8221; global_colors_info=&#8221;{}&#8221;][et_pb_text _builder_version=&#8221;4.27.4&#8243; _module_preset=&#8221;default&#8221; global_colors_info=&#8221;{}&#8221;]<\/p>\n<h2>Tietoa Lapin poroista<\/h2>\n<p>Poro (rangifer tarandus tarandus) on pohjoisessa Fennoskandiassa el\u00e4v\u00e4 puolikesy sorkkael\u00e4in, joka on kesytetty my\u00f6h\u00e4iskeskiajalla tunturipeurasta. Poro on kooltaan suhteellisen pieni, mutta kest\u00e4v\u00e4 ja voimakas el\u00e4in. Urosporo eli hirvas painaa 90-180 kg ja sen s\u00e4k\u00e4korkeus on noin 110 cm. Hirvaan sarvet voivat painaa jopa 10 kg. Naarasporo eli vaadin on kooltaan hieman pienempi \u2013 sen paino on 60-100 kg ja s\u00e4k\u00e4korkeus noin 90 cm. Vaatimen sarvet ovat sirot ja kevyet. Poron keskim\u00e4\u00e4r\u00e4inen elinik\u00e4 on 10-15 vuotta, mutta se voi el\u00e4\u00e4 jopa 20-vuotiaaksi.<\/p>\n<p>Poron ravinto vaihtelee vuodenaikojen mukaan: kev\u00e4\u00e4ll\u00e4 poro sy\u00f6 hein\u00e4kasveja, varpuja, j\u00e4k\u00e4l\u00e4\u00e4 ja puiden lehtisilmuja, kes\u00e4ll\u00e4 taas erilaisia vihreit\u00e4 kasveja kuten ruohoja, hein\u00e4\u00e4, kosteikkokasveja, puiden ja pensaiden lehti\u00e4 sek\u00e4 j\u00e4k\u00e4l\u00e4\u00e4. Syksyll\u00e4 poro ker\u00e4\u00e4 vararavintoa talven varalle sy\u00f6m\u00e4ll\u00e4 vihreiden kasvien ja varpujen lis\u00e4ksi sieni\u00e4. Talvella, kun ravintoa on luonnossa niukemmin, porot etsiv\u00e4t ensisijaisesti j\u00e4k\u00e4l\u00e4\u00e4.<\/p>\n<p>&nbsp;<\/p>\n<p>[\/et_pb_text][\/et_pb_column][\/et_pb_row][\/et_pb_section][et_pb_section fb_built=&#8221;1&#8243; admin_label=&#8221;Kotahovi&#8221; _builder_version=&#8221;4.27.4&#8243; _module_preset=&#8221;default&#8221; background_color=&#8221;#3e3131&#8243; background_image=&#8221;https:\/\/www.santaclausreindeer.fi\/wp-content\/uploads\/2024\/09\/santa-claus-reindeer-our-reindeer-2.jpg&#8221; background_position=&#8221;top_center&#8221; background_blend=&#8221;lighten&#8221; locked=&#8221;off&#8221; global_colors_info=&#8221;{}&#8221;][et_pb_row _builder_version=&#8221;4.25.1&#8243; _module_preset=&#8221;default&#8221; global_colors_info=&#8221;{}&#8221;][et_pb_column type=&#8221;4_4&#8243; _builder_version=&#8221;4.25.1&#8243; _module_preset=&#8221;default&#8221; global_colors_info=&#8221;{}&#8221;][et_pb_text _builder_version=&#8221;4.27.4&#8243; _module_preset=&#8221;default&#8221; text_orientation=&#8221;center&#8221; background_layout=&#8221;dark&#8221; width=&#8221;48%&#8221; width_tablet=&#8221;72%&#8221; width_phone=&#8221;100%&#8221; width_last_edited=&#8221;on|phone&#8221; module_alignment=&#8221;center&#8221; custom_padding=&#8221;|0px||||&#8221; module_alignment_tablet=&#8221;center&#8221; module_alignment_phone=&#8221;center&#8221; module_alignment_last_edited=&#8221;on|tablet&#8221; global_colors_info=&#8221;{}&#8221;]<\/p>\n<h2>Meille vastuullisuus on luonnollista<\/h2>\n<p>[\/et_pb_text][et_pb_text _builder_version=&#8221;4.27.4&#8243; _module_preset=&#8221;default&#8221; text_font_size=&#8221;18px&#8221; text_orientation=&#8221;center&#8221; background_layout=&#8221;dark&#8221; width=&#8221;48%&#8221; width_tablet=&#8221;85%&#8221; width_phone=&#8221;100%&#8221; width_last_edited=&#8221;on|phone&#8221; module_alignment=&#8221;center&#8221; text_text_shadow_style=&#8221;preset3&#8243; text_text_shadow_color=&#8221;#3E3131&#8243; global_colors_info=&#8221;{}&#8221;]<\/p>\n<p data-start=\"157\" data-end=\"312\" class=\"\">El\u00e4inten hyvinvointi, ymp\u00e4rist\u00f6n kunnioitus ja kest\u00e4v\u00e4 matkailu ovat osa arkea \u2013 eiv\u00e4t erillisi\u00e4 tekoja. Lue, miten vastuullisuus n\u00e4kyy toiminnassamme joka p\u00e4iv\u00e4.<\/p>\n<p>[\/et_pb_text][et_pb_button button_url=&#8221;https:\/\/www.santaclausreindeer.fi\/fi\/info\/vastuullisuus\/&#8221; button_text=&#8221;Tutustu vastuullisuusty\u00f6h\u00f6mme&#8221; button_alignment=&#8221;center&#8221; _builder_version=&#8221;4.27.4&#8243; _module_preset=&#8221;default&#8221; custom_button=&#8221;on&#8221; button_text_color=&#8221;#3E3131&#8243; button_icon=&#8221;&#xf14d;||fa||900&#8243; button_icon_color=&#8221;#3E3131&#8243; button_on_hover=&#8221;off&#8221; global_colors_info=&#8221;{}&#8221;][\/et_pb_button][\/et_pb_column][\/et_pb_row][\/et_pb_section][et_pb_section fb_built=&#8221;1&#8243; _builder_version=&#8221;4.27.0&#8243; _module_preset=&#8221;default&#8221; background_color=&#8221;#FFF9ED&#8221; background_enable_image=&#8221;off&#8221; background_blend=&#8221;multiply&#8221; global_colors_info=&#8221;{}&#8221;][et_pb_row _builder_version=&#8221;4.27.0&#8243; _module_preset=&#8221;default&#8221; global_colors_info=&#8221;{}&#8221;][et_pb_column type=&#8221;4_4&#8243; _builder_version=&#8221;4.27.0&#8243; _module_preset=&#8221;default&#8221; global_colors_info=&#8221;{}&#8221;][et_pb_text _builder_version=&#8221;4.27.4&#8243; _module_preset=&#8221;default&#8221; text_orientation=&#8221;center&#8221; global_colors_info=&#8221;{}&#8221;]<\/p>\n<h2>Porojen sopeutuminen pohjoisen olosuhteisiin<\/h2>\n<p>[\/et_pb_text][\/et_pb_column][\/et_pb_row][et_pb_row column_structure=&#8221;1_2,1_2&#8243; make_equal=&#8221;on&#8221; module_class=&#8221;vertical-align&#8221; _builder_version=&#8221;4.27.0&#8243; _module_preset=&#8221;default&#8221; global_colors_info=&#8221;{}&#8221;][et_pb_column type=&#8221;1_2&#8243; _builder_version=&#8221;4.27.0&#8243; _module_preset=&#8221;default&#8221; global_colors_info=&#8221;{}&#8221;][et_pb_text _builder_version=&#8221;4.27.4&#8243; _module_preset=&#8221;default&#8221; global_colors_info=&#8221;{}&#8221;]<\/p>\n<h3>Sorkat<\/h3>\n<p>Porolla on useita pohjoisen olosuhteisiin erinomaisesti sopivia ominaisuuksia, kuten erikoislaatuiset sorkat eli koparat, jotka aukeavat tarvittaessa leveiksi ja auttavat siten poroa liikkumaan syv\u00e4ss\u00e4 lumessa tai upottavassa maastossa. Kopara on kaarimainen ja sen ter\u00e4v\u00e4 k\u00e4rki auttaa poroa kaivamaan ravintoa talvisin syv\u00e4nkin lumen alta. Poron t\u00e4rkein aisti on eritt\u00e4in tarkka hajuaisti, jonka avulla poro l\u00f6yt\u00e4\u00e4 ravintonsa ymp\u00e4ri vuoden \u2013 poro esimerkiksi haistaa j\u00e4k\u00e4l\u00e4n jopa metrin paksuisen lumihangen alta!<\/p>\n<p>[\/et_pb_text][\/et_pb_column][et_pb_column type=&#8221;1_2&#8243; _builder_version=&#8221;4.27.0&#8243; _module_preset=&#8221;default&#8221; global_colors_info=&#8221;{}&#8221;][et_pb_image src=&#8221;https:\/\/www.santaclausreindeer.fi\/wp-content\/uploads\/2024\/09\/santa-claus-reindeer-our-reindeer-3.jpg&#8221; title_text=&#8221;santa-claus-reindeer-our-reindeer-3&#8243; module_class=&#8221;prod-img&#8221; _builder_version=&#8221;4.27.0&#8243; _module_preset=&#8221;default&#8221; global_colors_info=&#8221;{}&#8221;][\/et_pb_image][\/et_pb_column][\/et_pb_row][et_pb_row column_structure=&#8221;1_2,1_2&#8243; make_equal=&#8221;on&#8221; module_class=&#8221;vertical-align&#8221; _builder_version=&#8221;4.27.0&#8243; _module_preset=&#8221;default&#8221; global_colors_info=&#8221;{}&#8221;][et_pb_column type=&#8221;1_2&#8243; _builder_version=&#8221;4.27.0&#8243; _module_preset=&#8221;default&#8221; global_colors_info=&#8221;{}&#8221;][et_pb_image src=&#8221;https:\/\/www.santaclausreindeer.fi\/wp-content\/uploads\/2024\/09\/santa-claus-reindeer-our-reindeer-2.jpg&#8221; title_text=&#8221;santa-claus-reindeer-our-reindeer-2&#8243; module_class=&#8221;prod-img&#8221; _builder_version=&#8221;4.27.0&#8243; _module_preset=&#8221;default&#8221; global_colors_info=&#8221;{}&#8221;][\/et_pb_image][\/et_pb_column][et_pb_column type=&#8221;1_2&#8243; _builder_version=&#8221;4.27.0&#8243; _module_preset=&#8221;default&#8221; global_colors_info=&#8221;{}&#8221;][et_pb_text _builder_version=&#8221;4.27.4&#8243; _module_preset=&#8221;default&#8221; global_colors_info=&#8221;{}&#8221;]<\/p>\n<h3>Turkki<\/h3>\n<p>Toinen pohjoisen olosuhteisiin erinomaisesti sopiva ominaisuus on paksu ja l\u00e4mmin turkki. Poron turkki onkin maailman toiseksi l\u00e4mpimin \u2013 vain j\u00e4\u00e4karhun turkki on erist\u00e4v\u00e4mpi kuin poron! Poron turkin erikoisuus on sen ontot peitinkarvat, joiden sis\u00e4lle muodostuu ilmataskuja. Peitinkarvan alla kasvava tihe\u00e4 aluskarva tehostaa l\u00e4mm\u00f6neristyst\u00e4 entisest\u00e4\u00e4n. My\u00f6s poron turpa ja jalat ovat kokonaan karvojen peitossa. Jalkojen karvapeite ei erist\u00e4 muun turkin tavoin, mutta jaloissa oleva erityinen verenkiertoj\u00e4rjestelm\u00e4 ja luuytimen \u00f6ljyhappo est\u00e4v\u00e4t jalkojen kylmettymisen alhaisissakin l\u00e4mp\u00f6tiloissa.<\/p>\n<p>Kes\u00e4ll\u00e4 talviturkki on luonnollisesti porolle liian tukala, joten se vaihtaa karvansa kevyemp\u00e4\u00e4n kes\u00e4turkkiin.<\/p>\n<p>&nbsp;<\/p>\n<p>[\/et_pb_text][\/et_pb_column][\/et_pb_row][et_pb_row column_structure=&#8221;1_2,1_2&#8243; make_equal=&#8221;on&#8221; module_class=&#8221;vertical-align&#8221; _builder_version=&#8221;4.27.0&#8243; _module_preset=&#8221;default&#8221; global_colors_info=&#8221;{}&#8221;][et_pb_column type=&#8221;1_2&#8243; _builder_version=&#8221;4.27.0&#8243; _module_preset=&#8221;default&#8221; global_colors_info=&#8221;{}&#8221;][et_pb_text _builder_version=&#8221;4.27.4&#8243; _module_preset=&#8221;default&#8221; global_colors_info=&#8221;{}&#8221;]<\/p>\n<h3>Sarvet<\/h3>\n<p>Kes\u00e4 on my\u00f6s oivallista aikaa uusien, vuosittain vaihtuvien sarvien kasvattamiseen. Lyhyen kes\u00e4n vuoksi sarvet on kasvatettava nopeasti, jotta ne ehtiv\u00e4t saavuttaa riitt\u00e4v\u00e4n koon ennen syksy\u00e4. Poronsarvi onkin maailman nopeimmin kasvavaa luuta: se saattaa kasvaa jopa 2 cm p\u00e4iv\u00e4ss\u00e4! Kasvuaikana sarvea peitt\u00e4\u00e4 suojaava karvapeite, joka tekee sarvesta eritt\u00e4in tuntoherk\u00e4n. Syksyll\u00e4, sarven kasvettua t\u00e4yteen mittaansa, poro hankaa nahan pois, mink\u00e4 j\u00e4lkeen sarvi on kova, kest\u00e4v\u00e4 ja tunnoton. Hirvaat tarvitsevat sarviaan kiima- eli rykim\u00e4ajan taisteluissa, mink\u00e4 j\u00e4lkeen ne pudottavat sarvensa. Vaatimet k\u00e4ytt\u00e4v\u00e4t sarviaan vasojen ja parhaiden ruokapaikkojen puolustamiseen, ja s\u00e4ilytt\u00e4v\u00e4t sarvensa talven yli ja aina alkukes\u00e4\u00e4n saakka. My\u00f6s vasat kasvattavat pienet sarvet jo ensimm\u00e4isen\u00e4 kes\u00e4n\u00e4\u00e4n.<\/p>\n<p>[\/et_pb_text][\/et_pb_column][et_pb_column type=&#8221;1_2&#8243; _builder_version=&#8221;4.27.0&#8243; _module_preset=&#8221;default&#8221; global_colors_info=&#8221;{}&#8221;][et_pb_image src=&#8221;https:\/\/www.santaclausreindeer.fi\/wp-content\/uploads\/2024\/09\/porovaarahill-talvi-1-13santa-claus-reindeer-company.jpg&#8221; title_text=&#8221;porovaarahill-talvi-1-13santa-claus-reindeer-company&#8221; module_class=&#8221;prod-img&#8221; _builder_version=&#8221;4.27.0&#8243; _module_preset=&#8221;default&#8221; global_colors_info=&#8221;{}&#8221;][\/et_pb_image][\/et_pb_column][\/et_pb_row][\/et_pb_section][et_pb_section fb_built=&#8221;1&#8243; _builder_version=&#8221;4.27.0&#8243; _module_preset=&#8221;default&#8221; background_color=&#8221;#3E3131&#8243; background_image=&#8221;https:\/\/www.santaclausreindeer.fi\/wp-content\/uploads\/2024\/06\/src-tausta-kuvio-1.svg&#8221; background_blend=&#8221;multiply&#8221; global_colors_info=&#8221;{}&#8221;][et_pb_row column_structure=&#8221;1_2,1_2&#8243; make_equal=&#8221;on&#8221; module_class=&#8221;vertical-align&#8221; _builder_version=&#8221;4.27.0&#8243; _module_preset=&#8221;default&#8221; global_colors_info=&#8221;{}&#8221;][et_pb_column type=&#8221;1_2&#8243; _builder_version=&#8221;4.27.0&#8243; _module_preset=&#8221;default&#8221; global_colors_info=&#8221;{}&#8221;][et_pb_text _builder_version=&#8221;4.27.4&#8243; _module_preset=&#8221;default&#8221; text_text_color=&#8221;#FFF2D6&#8243; header_2_text_color=&#8221;#FFF9ED&#8221; header_3_text_color=&#8221;#FFF9ED&#8221; global_colors_info=&#8221;{}&#8221;]<\/p>\n<h2>Porojen lis\u00e4\u00e4ntyminen<\/h2>\n<p>Porojen rykim\u00e4aika on syys-lokakuussa. Vaatimen kantoaika on 7 kuukautta, ja toukokuussa vaadin synnytt\u00e4\u00e4 p\u00e4\u00e4s\u00e4\u00e4nt\u00f6isesti yhden vasan. Vasa painaa syntyess\u00e4\u00e4n 4\u20136 kg, mutta kasvaa nopeasti rasvaisen ja ravitsevan emonmaidon ansiosta. Ensimm\u00e4isten elinviikkojen aikana vasaa suojaa sis\u00e4elinten ymp\u00e4rill\u00e4 oleva ruskea rasva, joka kattaa noin 1-2 % vasan ruumiinpainosta. Imetyksen loppumisen j\u00e4lkeen vasan nopea kasvu jatkuu pohjoisen luonnon tarjoaman monipuolisen ravinnon ansiosta. Vasa itsen\u00e4istyy noin vuoden ik\u00e4isen\u00e4.<\/p>\n<p>[\/et_pb_text][\/et_pb_column][et_pb_column type=&#8221;1_2&#8243; _builder_version=&#8221;4.27.0&#8243; _module_preset=&#8221;default&#8221; global_colors_info=&#8221;{}&#8221;][et_pb_image src=&#8221;https:\/\/www.santaclausreindeer.fi\/wp-content\/uploads\/2024\/09\/santa-claus-reindeer-our-reindeer-breeding.jpg&#8221; title_text=&#8221;santa-claus-reindeer-our-reindeer-breeding&#8221; module_class=&#8221;prod-img-dark&#8221; _builder_version=&#8221;4.27.0&#8243; _module_preset=&#8221;default&#8221; global_colors_info=&#8221;{}&#8221;][\/et_pb_image][\/et_pb_column][\/et_pb_row][\/et_pb_section][et_pb_section fb_built=&#8221;1&#8243; custom_padding_last_edited=&#8221;on|phone&#8221; _builder_version=&#8221;4.27.0&#8243; _module_preset=&#8221;default&#8221; background_image=&#8221;https:\/\/www.santaclausreindeer.fi\/wp-content\/uploads\/2024\/09\/santa-claus-reindeer-our-reindeer-6.jpg&#8221; custom_padding=&#8221;23px||23px||true|false&#8221; custom_padding_tablet=&#8221;15px||15px||true|false&#8221; custom_padding_phone=&#8221;0px||0px||true|false&#8221; global_colors_info=&#8221;{}&#8221;][et_pb_row custom_padding_last_edited=&#8221;on|phone&#8221; _builder_version=&#8221;4.27.0&#8243; _module_preset=&#8221;default&#8221; background_image=&#8221;https:\/\/www.santaclausreindeer.fi\/wp-content\/uploads\/2024\/06\/src_tausta-1-1.svg&#8221; width=&#8221;50%&#8221; width_tablet=&#8221;79%&#8221; width_phone=&#8221;84%&#8221; width_last_edited=&#8221;on|phone&#8221; custom_padding=&#8221;126px|67px|95px|67px|false|true&#8221; custom_padding_tablet=&#8221;126px|67px|95px|67px|false|true&#8221; custom_padding_phone=&#8221;225px|46px||46px|false|true&#8221; global_colors_info=&#8221;{}&#8221;][et_pb_column type=&#8221;4_4&#8243; _builder_version=&#8221;4.27.0&#8243; _module_preset=&#8221;default&#8221; background_enable_image=&#8221;off&#8221; global_colors_info=&#8221;{}&#8221;][et_pb_text _builder_version=&#8221;4.27.4&#8243; _module_preset=&#8221;default&#8221; global_colors_info=&#8221;{}&#8221;]<\/p>\n<h2>Poronhoito<\/h2>\n<p>Alkujaan poro kesytettiin hy\u00f6tyel\u00e4imeksi, kuten lihan ja maidon tuottajaksi, kanto- ja vetoel\u00e4imeksi sek\u00e4 houkutusel\u00e4imeksi peuranpyyntiin. Lis\u00e4ksi porosta saatiin raaka-aineita vaatteisiin ja ty\u00f6kaluihin. Poro toimi keskeisen\u00e4 kulkuv\u00e4lineen\u00e4 pohjoisen er\u00e4maissa; poronhoito tapahtui jutaamalla, mik\u00e4 tarkoitti muuttamista porojen per\u00e4ss\u00e4 pohjoisen tunturinummien kes\u00e4laitumilta etel\u00e4isempien mets\u00e4seutujen j\u00e4k\u00e4lik\u00f6ille talven tullen. Yhteen suuntaan jutaamismatka saattoi olla jopa 400 km.<\/p>\n<p>Vuosisatojen saatossa, valtioiden rajojen asettamisen ja tekniikan kehittymisen my\u00f6t\u00e4 poronhoito on kehittynyt nykyiseen muotoonsa; jutaamisen sijaan poroja paimennetaan moottorikelkkojen ja GPS-paikantimien avulla. Nykyisin poroja k\u00e4ytet\u00e4\u00e4n enenev\u00e4ss\u00e4 m\u00e4\u00e4rin matkailupalveluiden, kuten poroajeluiden ja porotilavierailuiden toteuttamisessa. Poronliha on tunnettu lappilaisherkku ja poronnahkaa, -luuta sek\u00e4 -sarvea k\u00e4ytet\u00e4\u00e4n monipuolisesti k\u00e4sity\u00f6materiaaleina.<\/p>\n<p>Pohjois-Suomen poronhoitoalueella liikkuu luonnossa vapaana noin 200 000 poroa. Jokaisella niist\u00e4 on omistaja, jonka yksil\u00f6llisell\u00e4 poromerkill\u00e4 kaikki h\u00e4nen poronsa merkit\u00e4\u00e4n. Porot kootaan kaksi kertaa vuodessa, keskikes\u00e4ll\u00e4 ja syys-lokakuun aikana, yhteen poroerotusta varten. Porot ker\u00e4\u00e4ntyv\u00e4t luonnostaan laumoihin eli tokkiin hy\u00f6nteis- eli r\u00e4kk\u00e4aikaan ja rykim\u00e4aikaan, mik\u00e4 helpottaa poroerotusten toteuttamista. Poroerotuksessa porot lasketaan ja loisl\u00e4\u00e4kit\u00e4\u00e4n, vasat merkit\u00e4\u00e4n leikkaamalla omistajan merkki vasan korviin, ja teurastettavat porot erotetaan eloonj\u00e4\u00e4vist\u00e4.<\/p>\n<p>&nbsp;<\/p>\n<p>[\/et_pb_text][\/et_pb_column][\/et_pb_row][\/et_pb_section]<\/p>\n","protected":false},"excerpt":{"rendered":"<p>Porot p\u00e4hkin\u00e4nkuoressa \u2013 Tietoa poroista Joulupukille porot ovat erityisen t\u00e4rkeit\u00e4, sill\u00e4 niiden hyvinvoinnista huolehtiminen varmistaa, ett\u00e4 lahjat saadaan jaettua ymp\u00e4ri [&hellip;]<\/p>\n","protected":false},"author":2,"featured_media":0,"parent":63939,"menu_order":0,"comment_status":"closed","ping_status":"closed","template":"","meta":{"_acf_changed":false,"_et_pb_use_builder":"on","_et_pb_old_content":"","_et_gb_content_width":"","inline_featured_image":false,"footnotes":""},"class_list":["post-63917","page","type-page","status-publish","hentry"],"acf":[],"yoast_head":"<!-- This site is optimized with the Yoast SEO plugin v27.4 - https:\/\/yoast.com\/product\/yoast-seo-wordpress\/ -->\n<title>Porot p\u00e4hkin\u00e4nkuoressa \u2013\u00a0Santa Claus Reindeer<\/title>\n<meta name=\"description\" content=\"Miten porot el\u00e4v\u00e4t? Mit\u00e4 ne sy\u00f6v\u00e4t ja mink\u00e4 kokoisia niist\u00e4 voi tulla? Tutustu porojen kiehtovaan maailmaan sivuillamme!\" \/>\n<meta name=\"robots\" content=\"index, follow, max-snippet:-1, max-image-preview:large, max-video-preview:-1\" \/>\n<link rel=\"canonical\" href=\"https:\/\/www.santaclausreindeer.fi\/fi\/info\/porot-pahkinankuoressa\/\" \/>\n<meta property=\"og:locale\" content=\"fi_FI\" \/>\n<meta property=\"og:type\" content=\"article\" \/>\n<meta property=\"og:title\" content=\"Porot p\u00e4hkin\u00e4nkuoressa \u2013\u00a0Santa Claus Reindeer\" \/>\n<meta property=\"og:description\" content=\"Miten porot el\u00e4v\u00e4t? Mit\u00e4 ne sy\u00f6v\u00e4t ja mink\u00e4 kokoisia niist\u00e4 voi tulla? Tutustu porojen kiehtovaan maailmaan sivuillamme!\" \/>\n<meta property=\"og:url\" content=\"https:\/\/www.santaclausreindeer.fi\/fi\/info\/porot-pahkinankuoressa\/\" \/>\n<meta property=\"og:site_name\" content=\"Santa Claus Reindeer\" \/>\n<meta property=\"article:publisher\" content=\"https:\/\/www.facebook.com\/SantaClausReindeer\/\" \/>\n<meta property=\"article:modified_time\" content=\"2025-05-15T09:21:54+00:00\" \/>\n<meta name=\"twitter:card\" content=\"summary_large_image\" \/>\n<meta name=\"twitter:label1\" content=\"Arvioitu lukuaika\" \/>\n\t<meta name=\"twitter:data1\" content=\"5 minuuttia\" \/>\n<script type=\"application\/ld+json\" class=\"yoast-schema-graph\">{\"@context\":\"https:\\\/\\\/schema.org\",\"@graph\":[{\"@type\":\"WebPage\",\"@id\":\"https:\\\/\\\/www.santaclausreindeer.fi\\\/fi\\\/info\\\/porot-pahkinankuoressa\\\/\",\"url\":\"https:\\\/\\\/www.santaclausreindeer.fi\\\/fi\\\/info\\\/porot-pahkinankuoressa\\\/\",\"name\":\"Porot p\u00e4hkin\u00e4nkuoressa \u2013\u00a0Santa Claus Reindeer\",\"isPartOf\":{\"@id\":\"https:\\\/\\\/www.santaclausreindeer.fi\\\/fi\\\/#website\"},\"datePublished\":\"2024-09-13T12:46:10+00:00\",\"dateModified\":\"2025-05-15T09:21:54+00:00\",\"description\":\"Miten porot el\u00e4v\u00e4t? Mit\u00e4 ne sy\u00f6v\u00e4t ja mink\u00e4 kokoisia niist\u00e4 voi tulla? Tutustu porojen kiehtovaan maailmaan sivuillamme!\",\"breadcrumb\":{\"@id\":\"https:\\\/\\\/www.santaclausreindeer.fi\\\/fi\\\/info\\\/porot-pahkinankuoressa\\\/#breadcrumb\"},\"inLanguage\":\"fi\",\"potentialAction\":[{\"@type\":\"ReadAction\",\"target\":[\"https:\\\/\\\/www.santaclausreindeer.fi\\\/fi\\\/info\\\/porot-pahkinankuoressa\\\/\"]}]},{\"@type\":\"BreadcrumbList\",\"@id\":\"https:\\\/\\\/www.santaclausreindeer.fi\\\/fi\\\/info\\\/porot-pahkinankuoressa\\\/#breadcrumb\",\"itemListElement\":[{\"@type\":\"ListItem\",\"position\":1,\"name\":\"Home\",\"item\":\"https:\\\/\\\/www.santaclausreindeer.fi\\\/fi\\\/\"},{\"@type\":\"ListItem\",\"position\":2,\"name\":\"Info\",\"item\":\"https:\\\/\\\/www.santaclausreindeer.fi\\\/fi\\\/info\\\/\"},{\"@type\":\"ListItem\",\"position\":3,\"name\":\"Porot p\u00e4hkin\u00e4nkuoressa \u2013\u00a0Tietoa poroista\"}]},{\"@type\":\"WebSite\",\"@id\":\"https:\\\/\\\/www.santaclausreindeer.fi\\\/fi\\\/#website\",\"url\":\"https:\\\/\\\/www.santaclausreindeer.fi\\\/fi\\\/\",\"name\":\"Santa Claus Reindeer\",\"description\":\"Arctic Circle, Rovaniemi, Lapland\",\"publisher\":{\"@id\":\"https:\\\/\\\/www.santaclausreindeer.fi\\\/fi\\\/#organization\"},\"potentialAction\":[{\"@type\":\"SearchAction\",\"target\":{\"@type\":\"EntryPoint\",\"urlTemplate\":\"https:\\\/\\\/www.santaclausreindeer.fi\\\/fi\\\/?s={search_term_string}\"},\"query-input\":{\"@type\":\"PropertyValueSpecification\",\"valueRequired\":true,\"valueName\":\"search_term_string\"}}],\"inLanguage\":\"fi\"},{\"@type\":\"Organization\",\"@id\":\"https:\\\/\\\/www.santaclausreindeer.fi\\\/fi\\\/#organization\",\"name\":\"Santa Claus Reindeer\",\"url\":\"https:\\\/\\\/www.santaclausreindeer.fi\\\/fi\\\/\",\"logo\":{\"@type\":\"ImageObject\",\"inLanguage\":\"fi\",\"@id\":\"https:\\\/\\\/www.santaclausreindeer.fi\\\/fi\\\/#\\\/schema\\\/logo\\\/image\\\/\",\"url\":\"https:\\\/\\\/www.santaclausreindeer.fi\\\/wp-content\\\/uploads\\\/2024\\\/10\\\/scr_logo_vaakaslogan-RVN-RGB-opt.svg\",\"contentUrl\":\"https:\\\/\\\/www.santaclausreindeer.fi\\\/wp-content\\\/uploads\\\/2024\\\/10\\\/scr_logo_vaakaslogan-RVN-RGB-opt.svg\",\"width\":396,\"height\":212,\"caption\":\"Santa Claus Reindeer\"},\"image\":{\"@id\":\"https:\\\/\\\/www.santaclausreindeer.fi\\\/fi\\\/#\\\/schema\\\/logo\\\/image\\\/\"},\"sameAs\":[\"https:\\\/\\\/www.facebook.com\\\/SantaClausReindeer\\\/\",\"https:\\\/\\\/www.instagram.com\\\/santaclausreindeer\\\/\",\"https:\\\/\\\/www.youtube.com\\\/user\\\/santareindeerlapland\",\"https:\\\/\\\/www.tripadvisor.fr\\\/Attraction_Review-g189922-d6662018-Reviews-Santa_Claus_Reindeer-Rovaniemi_Lapland.html\"]}]}<\/script>\n<!-- \/ Yoast SEO plugin. -->","yoast_head_json":{"title":"Porot p\u00e4hkin\u00e4nkuoressa \u2013\u00a0Santa Claus Reindeer","description":"Miten porot el\u00e4v\u00e4t? Mit\u00e4 ne sy\u00f6v\u00e4t ja mink\u00e4 kokoisia niist\u00e4 voi tulla? Tutustu porojen kiehtovaan maailmaan sivuillamme!","robots":{"index":"index","follow":"follow","max-snippet":"max-snippet:-1","max-image-preview":"max-image-preview:large","max-video-preview":"max-video-preview:-1"},"canonical":"https:\/\/www.santaclausreindeer.fi\/fi\/info\/porot-pahkinankuoressa\/","og_locale":"fi_FI","og_type":"article","og_title":"Porot p\u00e4hkin\u00e4nkuoressa \u2013\u00a0Santa Claus Reindeer","og_description":"Miten porot el\u00e4v\u00e4t? Mit\u00e4 ne sy\u00f6v\u00e4t ja mink\u00e4 kokoisia niist\u00e4 voi tulla? Tutustu porojen kiehtovaan maailmaan sivuillamme!","og_url":"https:\/\/www.santaclausreindeer.fi\/fi\/info\/porot-pahkinankuoressa\/","og_site_name":"Santa Claus Reindeer","article_publisher":"https:\/\/www.facebook.com\/SantaClausReindeer\/","article_modified_time":"2025-05-15T09:21:54+00:00","twitter_card":"summary_large_image","twitter_misc":{"Arvioitu lukuaika":"5 minuuttia"},"schema":{"@context":"https:\/\/schema.org","@graph":[{"@type":"WebPage","@id":"https:\/\/www.santaclausreindeer.fi\/fi\/info\/porot-pahkinankuoressa\/","url":"https:\/\/www.santaclausreindeer.fi\/fi\/info\/porot-pahkinankuoressa\/","name":"Porot p\u00e4hkin\u00e4nkuoressa \u2013\u00a0Santa Claus Reindeer","isPartOf":{"@id":"https:\/\/www.santaclausreindeer.fi\/fi\/#website"},"datePublished":"2024-09-13T12:46:10+00:00","dateModified":"2025-05-15T09:21:54+00:00","description":"Miten porot el\u00e4v\u00e4t? Mit\u00e4 ne sy\u00f6v\u00e4t ja mink\u00e4 kokoisia niist\u00e4 voi tulla? Tutustu porojen kiehtovaan maailmaan sivuillamme!","breadcrumb":{"@id":"https:\/\/www.santaclausreindeer.fi\/fi\/info\/porot-pahkinankuoressa\/#breadcrumb"},"inLanguage":"fi","potentialAction":[{"@type":"ReadAction","target":["https:\/\/www.santaclausreindeer.fi\/fi\/info\/porot-pahkinankuoressa\/"]}]},{"@type":"BreadcrumbList","@id":"https:\/\/www.santaclausreindeer.fi\/fi\/info\/porot-pahkinankuoressa\/#breadcrumb","itemListElement":[{"@type":"ListItem","position":1,"name":"Home","item":"https:\/\/www.santaclausreindeer.fi\/fi\/"},{"@type":"ListItem","position":2,"name":"Info","item":"https:\/\/www.santaclausreindeer.fi\/fi\/info\/"},{"@type":"ListItem","position":3,"name":"Porot p\u00e4hkin\u00e4nkuoressa \u2013\u00a0Tietoa poroista"}]},{"@type":"WebSite","@id":"https:\/\/www.santaclausreindeer.fi\/fi\/#website","url":"https:\/\/www.santaclausreindeer.fi\/fi\/","name":"Santa Claus Reindeer","description":"Arctic Circle, Rovaniemi, Lapland","publisher":{"@id":"https:\/\/www.santaclausreindeer.fi\/fi\/#organization"},"potentialAction":[{"@type":"SearchAction","target":{"@type":"EntryPoint","urlTemplate":"https:\/\/www.santaclausreindeer.fi\/fi\/?s={search_term_string}"},"query-input":{"@type":"PropertyValueSpecification","valueRequired":true,"valueName":"search_term_string"}}],"inLanguage":"fi"},{"@type":"Organization","@id":"https:\/\/www.santaclausreindeer.fi\/fi\/#organization","name":"Santa Claus Reindeer","url":"https:\/\/www.santaclausreindeer.fi\/fi\/","logo":{"@type":"ImageObject","inLanguage":"fi","@id":"https:\/\/www.santaclausreindeer.fi\/fi\/#\/schema\/logo\/image\/","url":"https:\/\/www.santaclausreindeer.fi\/wp-content\/uploads\/2024\/10\/scr_logo_vaakaslogan-RVN-RGB-opt.svg","contentUrl":"https:\/\/www.santaclausreindeer.fi\/wp-content\/uploads\/2024\/10\/scr_logo_vaakaslogan-RVN-RGB-opt.svg","width":396,"height":212,"caption":"Santa Claus Reindeer"},"image":{"@id":"https:\/\/www.santaclausreindeer.fi\/fi\/#\/schema\/logo\/image\/"},"sameAs":["https:\/\/www.facebook.com\/SantaClausReindeer\/","https:\/\/www.instagram.com\/santaclausreindeer\/","https:\/\/www.youtube.com\/user\/santareindeerlapland","https:\/\/www.tripadvisor.fr\/Attraction_Review-g189922-d6662018-Reviews-Santa_Claus_Reindeer-Rovaniemi_Lapland.html"]}]}},"_links":{"self":[{"href":"https:\/\/www.santaclausreindeer.fi\/fi\/wp-json\/wp\/v2\/pages\/63917","targetHints":{"allow":["GET"]}}],"collection":[{"href":"https:\/\/www.santaclausreindeer.fi\/fi\/wp-json\/wp\/v2\/pages"}],"about":[{"href":"https:\/\/www.santaclausreindeer.fi\/fi\/wp-json\/wp\/v2\/types\/page"}],"author":[{"embeddable":true,"href":"https:\/\/www.santaclausreindeer.fi\/fi\/wp-json\/wp\/v2\/users\/2"}],"replies":[{"embeddable":true,"href":"https:\/\/www.santaclausreindeer.fi\/fi\/wp-json\/wp\/v2\/comments?post=63917"}],"version-history":[{"count":2,"href":"https:\/\/www.santaclausreindeer.fi\/fi\/wp-json\/wp\/v2\/pages\/63917\/revisions"}],"predecessor-version":[{"id":66671,"href":"https:\/\/www.santaclausreindeer.fi\/fi\/wp-json\/wp\/v2\/pages\/63917\/revisions\/66671"}],"up":[{"embeddable":true,"href":"https:\/\/www.santaclausreindeer.fi\/fi\/wp-json\/wp\/v2\/pages\/63939"}],"wp:attachment":[{"href":"https:\/\/www.santaclausreindeer.fi\/fi\/wp-json\/wp\/v2\/media?parent=63917"}],"curies":[{"name":"wp","href":"https:\/\/api.w.org\/{rel}","templated":true}]}}