{"id":63634,"date":"2024-06-05T12:38:56","date_gmt":"2024-06-05T09:38:56","guid":{"rendered":"https:\/\/www.www.santaclausreindeer.fi\/autumn\/"},"modified":"2025-08-26T10:48:00","modified_gmt":"2025-08-26T07:48:00","slug":"rovaniemi-syksylla","status":"publish","type":"page","link":"https:\/\/www.santaclausreindeer.fi\/fi\/rovaniemi-syksylla\/","title":{"rendered":"Syksy"},"content":{"rendered":"<p>[et_pb_section fb_built=&#8221;1&#8243; _builder_version=&#8221;4.27.0&#8243; _module_preset=&#8221;default&#8221; background_color=&#8221;#3E3131&#8243; custom_padding=&#8221;||39px|||&#8221; global_colors_info=&#8221;{}&#8221;][et_pb_row _builder_version=&#8221;4.27.0&#8243; _module_preset=&#8221;default&#8221; global_colors_info=&#8221;{}&#8221;][et_pb_column type=&#8221;4_4&#8243; _builder_version=&#8221;4.27.0&#8243; _module_preset=&#8221;default&#8221; global_colors_info=&#8221;{}&#8221;][et_pb_text _builder_version=&#8221;4.27.4&#8243; _module_preset=&#8221;default&#8221; text_text_color=&#8221;#FFF2D6&#8243; header_text_color=&#8221;#FFF2D6&#8243; header_2_text_color=&#8221;#FFF2D6&#8243; global_colors_info=&#8221;{}&#8221;]<\/p>\n<h1>Koe Rovaniemi syksyll\u00e4<\/h1>\n<p>Etsitk\u00f6 tekemist\u00e4 Rovaniemell\u00e4 syksyll\u00e4?<\/p>\n<p data-start=\"479\" data-end=\"638\" class=\"\">Syksy tuo tullessaan Lapin ruskan, kirpe\u00e4n ilman ja ainutlaatuisen tunnelman. Syksy on t\u00e4ydellinen aika pys\u00e4hty\u00e4 hetkeksi ja tavata Joulupukin porot Napapiirill\u00e4. Poroille syksy on yhdess\u00e4olon aikaa ja valmistautumista talveen. Ne ovat paikalla valmiina ottamaan vieraita vastaan joko poroaidassamme tai pororeen tai -k\u00e4rryn eteen valjastettuna, valmiina lyhyelle poroajelulle. Syksyll\u00e4 Rovaniemell\u00e4 voit nauttia luonnosta, istahtaa nuotion \u00e4\u00e4reen ja kokea jotakin aitoa ja lappilaista.<\/p>\n<p><a href=\"https:\/\/www.santaclausreindeer.fi\/fi\/porotila\/\">Ohjelmamme Joulupukin Pajakyl\u00e4ss\u00e4<\/a> sopii kaikenik\u00e4isille, eik\u00e4 vaadi erityist\u00e4 varustusta tai varausta. <span>Ajomatkaa Napapiirille on noin vartti Rovaniemen keskustasta.<\/span><\/p>\n<p>Tutustu el\u00e4myksiin alta ja suunnittele vierailusi!<span><\/span><\/p>\n<p><span><\/span><\/p>\n<p>[\/et_pb_text][\/et_pb_column][\/et_pb_row][\/et_pb_section][et_pb_section fb_built=&#8221;1&#8243; _builder_version=&#8221;4.27.4&#8243; _module_preset=&#8221;default&#8221; background_color=&#8221;#FFF9ED&#8221; custom_margin=&#8221;||||false|false&#8221; locked=&#8221;off&#8221; global_colors_info=&#8221;{}&#8221;][et_pb_row _builder_version=&#8221;4.27.4&#8243; _module_preset=&#8221;default&#8221; custom_margin=&#8221;-50px||||false|false&#8221; global_colors_info=&#8221;{}&#8221;][et_pb_column type=&#8221;4_4&#8243; _builder_version=&#8221;4.27.4&#8243; _module_preset=&#8221;default&#8221; global_colors_info=&#8221;{}&#8221;][et_pb_code module_class=&#8221;prod-search-page&#8221; _builder_version=&#8221;4.27.4&#8243; _module_preset=&#8221;default&#8221; background_color=&#8221;#961414&#8243; width=&#8221;48%&#8221; width_tablet=&#8221;60%&#8221; width_phone=&#8221;77%&#8221; width_last_edited=&#8221;on|phone&#8221; module_alignment=&#8221;center&#8221; custom_margin=&#8221;-55px||-50px||false|false&#8221; custom_margin_tablet=&#8221;-59px||||false|false&#8221; custom_margin_phone=&#8221;-40px||||false|false&#8221; custom_margin_last_edited=&#8221;on|phone&#8221; custom_padding=&#8221;4px|8px|4px|8px|true|true&#8221; border_radii=&#8221;on|8px|8px|8px|8px&#8221; locked=&#8221;off&#8221; global_colors_info=&#8221;{}&#8221;]    <div id=\"custom-product-search-69f475431b835-container\" class=\"custom-product-search-container\">\n        <div class=\"custom-product-search\">\n            <form action=\"https:\/\/www.santaclausreindeer.fi\/fi\/search-results\/\" method=\"get\">\n                <label for=\"custom-product-search-69f475431b835-start-date\">\n                    Saapuminen:                <\/label>\n\n                <input\n                    type=\"text\"\n                    id=\"custom-product-search-69f475431b835-start-date\"\n                    name=\"start_date\"\n                    value=\"01.05.2026\"\n                >\n\n                <button type=\"submit\" class=\"search-products\">\n                    Hae aktiviteettej\u00e4                <\/button>\n            <\/form>\n        <\/div>\n    <\/div>\n\n    <script>\n        jQuery(document).ready(function ($) {\n            function initDatepicker() {\n                $(\"#custom-product-search-69f475431b835-start-date\").datepicker({\n                    dateFormat: 'dd.mm.yy',\n                    minDate: 0\n                });\n            }\n\n            initDatepicker();\n\n            \/\/ Check if the shortcode is inside a Divi toggle\n            if ($(\"#custom-product-search-69f475431b835-container\").closest('.et_pb_toggle').length > 0) {\n                \/\/ Reinitialize datepicker when Divi toggle is opened\n                $('.et_pb_toggle_title').on('click', function () {\n                    setTimeout(initDatepicker, 0);\n                });\n            }\n\n            \/\/ Validate only start_date (end_date removed completely)\n            $(\"#custom-product-search-69f475431b835-container form\").on('submit', function (e) {\n                var startDate = $(\"#custom-product-search-69f475431b835-start-date\").val();\n                if (!startDate) {\n                    e.preventDefault();\n                    alert('Please select a start date.');\n                }\n            });\n        });\n    <\/script>\n    [\/et_pb_code][\/et_pb_column][\/et_pb_row][\/et_pb_section][et_pb_section fb_built=&#8221;1&#8243; _builder_version=&#8221;4.27.0&#8243; _module_preset=&#8221;default&#8221; background_color=&#8221;#FFF9ED&#8221; background_enable_image=&#8221;off&#8221; background_blend=&#8221;multiply&#8221; min_height=&#8221;1537.3px&#8221; custom_padding=&#8221;||0px|||&#8221; locked=&#8221;off&#8221; global_colors_info=&#8221;{}&#8221;][et_pb_row _builder_version=&#8221;4.27.0&#8243; _module_preset=&#8221;default&#8221; min_height=&#8221;1483.3px&#8221; global_colors_info=&#8221;{}&#8221;][et_pb_column type=&#8221;4_4&#8243; _builder_version=&#8221;4.27.0&#8243; _module_preset=&#8221;default&#8221; global_colors_info=&#8221;{}&#8221;][et_pb_text _builder_version=&#8221;4.27.4&#8243; _module_preset=&#8221;default&#8221; text_orientation=&#8221;center&#8221; width=&#8221;69%&#8221; width_tablet=&#8221;84%&#8221; width_phone=&#8221;97%&#8221; width_last_edited=&#8221;on|phone&#8221; module_alignment=&#8221;center&#8221; custom_margin=&#8221;||49px|||&#8221; locked=&#8221;off&#8221; global_colors_info=&#8221;{}&#8221;]<\/p>\n<h2>Katso kaikki syksyn aktiviteetit Rovaniemell\u00e4<\/h2>\n<p>Tarjoamme useita tapoja kokea Lapin rakastetuimmat el\u00e4imet, porot syksyll\u00e4. Tule Joulupukin Pajakyl\u00e4\u00e4n tapaamaan poroja rennossa tunnelmassa \u2013 opi porojen el\u00e4m\u00e4st\u00e4 poro-oppailtamme, ruoki poroja \u00a0ja nauti aidot nuotiokahvit ilman ennakkovarausta. Halutessasi voit my\u00f6s l\u00e4hte\u00e4 lyhyelle rekiajelulle ruskan keskelle. <br \/>Jos kaipaat syvemp\u00e4\u00e4 el\u00e4myst\u00e4, l\u00e4hde poronhoitajamme mukaan mets\u00e4\u00e4n ja koe aito poronhoitajan arki: ruokintaa, poronomistajan askareita ja poronhoitot\u00f6it\u00e4 mets\u00e4ss\u00e4 sek\u00e4 tietysti tarinointia ja yhdess\u00e4oloa nuotion \u00e4\u00e4rell\u00e4 kahvin ja v\u00e4lipalan kera.\u00a0<\/p>\n<p>[\/et_pb_text][et_pb_code _builder_version=&#8221;4.27.4&#8243; _module_preset=&#8221;default&#8221; global_colors_info=&#8221;{}&#8221;]<div class=\"product-grid\"><div class=\"product-item-wrapper\"><a href=\"https:\/\/www.santaclausreindeer.fi\/fi\/tuote\/santa-clausin-kesataika-rovaniemella-hauska-ja-unohtumaton-kohtaaminen-porojen-kanssa-kesalla-ja-syksylla\/\" class=\"product-item-link\"><div class=\"product-item\"><div class=\"et_pb_image_wrap\"><img decoding=\"async\" src=\"https:\/\/imgcdn.bokun.tools\/0e79b299-2c40-4330-808f-ef31d34b3ae8.jpeg?w=400&#038;h=300&#038;mode=crop\" alt=\"Joulupukin kes\u00e4taikaa Rovaniemell\u00e4 \u2013 Hauska ja unohtumaton kohtaaminen porojen kanssa kes\u00e4ll\u00e4 ja syksyll\u00e4\"><\/div><div class=\"content-wrap\"><p class=\"price\">Alk: <span>19 \u20ac<\/span><\/p><div class=\"main-content\"><div class=\"incl\"><span class=\"bonfire\"><\/span><span class=\"feeding-reindeer\"><\/span><\/div><p class=\"subheading\">Santa Claus Village<\/p><h3>Joulupukin kes\u00e4taikaa Rovaniemell\u00e4 \u2013 Hauska ja unohtumaton kohtaaminen porojen kanssa kes\u00e4ll\u00e4 ja syksyll\u00e4<\/h3><p>Santa Clausin kes\u00e4taika Rovaniemell\u00e4 odottaa \u2013 Tapaa porot l\u00e4helt\u00e4 ja nauti leppoisasta tunnelmasta<\/p><div class=\"et_pb_button_module_wrapper et_pb_button_alignment_center et_pb_module btn-tuote-haku\"><span class=\"et_pb_button et_pb_bg_layout_light\">N\u00e4yt\u00e4 tuote<\/span><\/div><\/div><\/div><\/div><\/a><\/div><div class=\"product-item-wrapper\"><a href=\"https:\/\/www.santaclausreindeer.fi\/fi\/tuote\/10-15-minuutin-poroajelu-joulupukin-pajakylassa\/\" class=\"product-item-link\"><div class=\"product-item\"><div class=\"et_pb_image_wrap\"><img decoding=\"async\" src=\"https:\/\/imgcdn.bokun.tools\/fbeeef6b-c71f-4f94-b2b8-8f15633810a7.jpeg?w=400&#038;h=300&#038;mode=crop\" alt=\"10\u201315 minuutin poroajelu \u2013 ei ennakkovarausta\"><\/div><div class=\"content-wrap\"><div class=\"duration\">10 minuuttia<\/div><p class=\"price\">Alk: <span>50 \u20ac<\/span><\/p><div class=\"main-content\"><div class=\"incl\"><span class=\"guide\"><\/span><span class=\"reindeer-ride\"><\/span><\/div><p class=\"subheading\">Mets\u00e4polku<\/p><h3>10\u201315 minuutin poroajelu \u2013 ei ennakkovarausta<\/h3><p>Mets\u00e4polku \u2013 800 m poroajelu Joulupukin Pajakyl\u00e4ss\u00e4<\/p><div class=\"et_pb_button_module_wrapper et_pb_button_alignment_center et_pb_module btn-tuote-haku\"><span class=\"et_pb_button et_pb_bg_layout_light\">N\u00e4yt\u00e4 tuote<\/span><\/div><\/div><\/div><\/div><\/a><\/div><div class=\"product-item-wrapper\"><a href=\"https:\/\/www.santaclausreindeer.fi\/fi\/tuote\/napapiirin-ylitysseremonia\/\" class=\"product-item-link\"><div class=\"product-item\"><div class=\"et_pb_image_wrap\"><img decoding=\"async\" src=\"https:\/\/imgcdn.bokun.tools\/db9d2784-153b-4e5c-b3c8-66b5eb6a8070.jpeg?w=400&#038;h=300&#038;mode=crop\" alt=\"Napapiirin ylitysseremonia\"><\/div><div class=\"content-wrap\"><div class=\"duration\">30 minuuttia<\/div><p class=\"price\">Alk: <span>600 \u20ac<\/span><\/p><div class=\"main-content\"><div class=\"incl\"><span class=\"bonfire\"><\/span><span class=\"bonfire-fi\"><\/span><span class=\"certificate\"><\/span><span class=\"certificate-fi\"><\/span><span class=\"guide\"><\/span><span class=\"guide-fi\"><\/span><span class=\"snack-fi\"><\/span><span class=\"snack\"><\/span><\/div><p class=\"subheading\">Santa Claus Village<\/p><h3>Napapiirin ylitysseremonia<\/h3><p>Kiehtova seremonia Napapiirin syd\u00e4mess\u00e4.<\/p><div class=\"et_pb_button_module_wrapper et_pb_button_alignment_center et_pb_module btn-tuote-haku\"><span class=\"et_pb_button et_pb_bg_layout_light\">N\u00e4yt\u00e4 tuote<\/span><\/div><\/div><\/div><\/div><\/a><\/div><div class=\"product-item-wrapper\"><a href=\"https:\/\/www.santaclausreindeer.fi\/fi\/tuote\/5-7-minuutin-poroajelu-joulupukin-pajakylassa\/\" class=\"product-item-link\"><div class=\"product-item\"><div class=\"et_pb_image_wrap\"><img decoding=\"async\" src=\"https:\/\/imgcdn.bokun.tools\/adaae575-55a1-4b7a-bf50-670088e2cf1a.jpeg?w=400&#038;h=300&#038;mode=crop\" alt=\"5\u20137 minuutin poroajelu \u2013 ei ennakkovarausta\"><\/div><div class=\"content-wrap\"><div class=\"duration\">6 minuuttia<\/div><p class=\"price\">Alk: <span>30 \u20ac<\/span><\/p><div class=\"main-content\"><div class=\"incl\"><span class=\"guide\"><\/span><span class=\"reindeer-ride\"><\/span><\/div><p class=\"subheading\">Poropolku<\/p><h3>5\u20137 minuutin poroajelu \u2013 ei ennakkovarausta<\/h3><p>Poropolku \u2013 400 m poroajelu Joulupukin Pajakyl\u00e4ss\u00e4<\/p><div class=\"et_pb_button_module_wrapper et_pb_button_alignment_center et_pb_module btn-tuote-haku\"><span class=\"et_pb_button et_pb_bg_layout_light\">N\u00e4yt\u00e4 tuote<\/span><\/div><\/div><\/div><\/div><\/a><\/div><div class=\"product-item-wrapper\"><a href=\"https:\/\/www.santaclausreindeer.fi\/fi\/tuote\/ela-poronomistajan-elamaa-puolen-paivan-kokemus-arktiksella\/\" class=\"product-item-link\"><div class=\"product-item\"><div class=\"et_pb_image_wrap\"><img decoding=\"async\" src=\"https:\/\/imgcdn.bokun.tools\/fe224096-c8b3-43e1-8743-fa17148f0f66.jpeg?w=400&#038;h=300&#038;mode=crop\" alt=\"Live the Life of a Reindeer Herder \u2013 Half-Day in the Arctic\"><\/div><div class=\"content-wrap\"><div class=\"duration\">4 hours<\/div><p class=\"price\">Alk: <span>99 \u20ac<\/span><\/p><div class=\"main-content\"><div class=\"incl\"><span class=\"bonfire\"><\/span><span class=\"feeding-reindeer\"><\/span><span class=\"guide\"><\/span><span class=\"snack\"><\/span><span class=\"transportation\"><\/span><\/div><h3>Live the Life of a Reindeer Herder \u2013 Half-Day in the Arctic<\/h3><p>Join a real reindeer herder\u2019s day \u2014 small groups, book early.<\/p><div class=\"et_pb_button_module_wrapper et_pb_button_alignment_center et_pb_module btn-tuote-haku\"><span class=\"et_pb_button et_pb_bg_layout_light\">N\u00e4yt\u00e4 tuote<\/span><\/div><\/div><\/div><\/div><\/a><\/div><div class=\"product-item-wrapper\"><a href=\"https:\/\/www.santaclausreindeer.fi\/fi\/tuote\/tapaavat-joulumuorin-joulumuorin-joulukodissa-napapiirilla\/\" class=\"product-item-link\"><div class=\"product-item\"><div class=\"et_pb_image_wrap\"><img decoding=\"async\" src=\"https:\/\/imgcdn.bokun.tools\/885bdc26-3037-49fb-9a1a-e8fa6be85a3f.jpeg?w=400&#038;h=300&#038;mode=crop\" alt=\"Tapaa Joulumuorin Joulumuorin joulukodissa Napapiirill\u00e4\"><\/div><div class=\"content-wrap\"><div class=\"duration\">10 minuuttia<\/div><p class=\"price\">Alk: <span>50 \u20ac<\/span><\/p><div class=\"main-content\"><p class=\"subheading\">Santa Claus Village<\/p><h3>Tapaa Joulumuorin Joulumuorin joulukodissa Napapiirill\u00e4<\/h3><p>Astut Joulumuorin l\u00e4mpim\u00e4\u00e4n ja tervetulleeksi tuntevaan maailmaan \u2013 taikaa ymp\u00e4ri vuoden!<\/p><div class=\"et_pb_button_module_wrapper et_pb_button_alignment_center et_pb_module btn-tuote-haku\"><span class=\"et_pb_button et_pb_bg_layout_light\">N\u00e4yt\u00e4 tuote<\/span><\/div><\/div><\/div><\/div><\/a><\/div><\/div>[\/et_pb_code][\/et_pb_column][\/et_pb_row][\/et_pb_section][et_pb_section fb_built=&#8221;1&#8243; admin_label=&#8221;Kotahovi&#8221; _builder_version=&#8221;4.27.4&#8243; _module_preset=&#8221;default&#8221; background_color=&#8221;#3e3131&#8243; background_image=&#8221;https:\/\/www.santaclausreindeer.fi\/wp-content\/uploads\/2024\/09\/santa-claus-reindeer-our-reindeer-2.jpg&#8221; background_position=&#8221;top_center&#8221; background_blend=&#8221;lighten&#8221; locked=&#8221;off&#8221; global_colors_info=&#8221;{}&#8221;][et_pb_row _builder_version=&#8221;4.25.1&#8243; _module_preset=&#8221;default&#8221; global_colors_info=&#8221;{}&#8221;][et_pb_column type=&#8221;4_4&#8243; _builder_version=&#8221;4.25.1&#8243; _module_preset=&#8221;default&#8221; global_colors_info=&#8221;{}&#8221;][et_pb_text _builder_version=&#8221;4.27.4&#8243; _module_preset=&#8221;default&#8221; text_orientation=&#8221;center&#8221; background_layout=&#8221;dark&#8221; width=&#8221;48%&#8221; width_tablet=&#8221;72%&#8221; width_phone=&#8221;100%&#8221; width_last_edited=&#8221;on|phone&#8221; module_alignment=&#8221;center&#8221; custom_padding=&#8221;|0px||||&#8221; module_alignment_tablet=&#8221;center&#8221; module_alignment_phone=&#8221;center&#8221; module_alignment_last_edited=&#8221;on|tablet&#8221; global_colors_info=&#8221;{}&#8221;]<\/p>\n<h2>Meille vastuullisuus on luonnollista<\/h2>\n<p>[\/et_pb_text][et_pb_text _builder_version=&#8221;4.27.4&#8243; _module_preset=&#8221;default&#8221; text_font_size=&#8221;18px&#8221; text_orientation=&#8221;center&#8221; background_layout=&#8221;dark&#8221; width=&#8221;48%&#8221; width_tablet=&#8221;85%&#8221; width_phone=&#8221;100%&#8221; width_last_edited=&#8221;on|phone&#8221; module_alignment=&#8221;center&#8221; text_text_shadow_style=&#8221;preset3&#8243; text_text_shadow_color=&#8221;#3E3131&#8243; global_colors_info=&#8221;{}&#8221;]<\/p>\n<p data-start=\"157\" data-end=\"312\" class=\"\">Porojen hyvinvointi, luonnon kunnioittaminen ja kest\u00e4v\u00e4 matkailu ovat osa arkea \u2013 eiv\u00e4t erillisi\u00e4 tekoja. Lue, miten vastuullisuus n\u00e4kyy toiminnassamme joka p\u00e4iv\u00e4.<\/p>\n<p>[\/et_pb_text][et_pb_button button_url=&#8221;https:\/\/www.santaclausreindeer.fi\/fi\/info\/vastuullisuus\/&#8221; button_text=&#8221;Tutustu vastuullisuusty\u00f6h\u00f6mme&#8221; button_alignment=&#8221;center&#8221; _builder_version=&#8221;4.27.4&#8243; _module_preset=&#8221;default&#8221; custom_button=&#8221;on&#8221; button_text_color=&#8221;#3E3131&#8243; button_icon=&#8221;&#xf14d;||fa||900&#8243; button_icon_color=&#8221;#3E3131&#8243; button_on_hover=&#8221;off&#8221; global_colors_info=&#8221;{}&#8221;][\/et_pb_button][\/et_pb_column][\/et_pb_row][\/et_pb_section][et_pb_section fb_built=&#8221;1&#8243; _builder_version=&#8221;4.27.4&#8243; _module_preset=&#8221;default&#8221; background_color=&#8221;#FFF9ED&#8221; background_enable_image=&#8221;off&#8221; parallax=&#8221;on&#8221; parallax_method=&#8221;off&#8221; background_blend=&#8221;luminosity&#8221; locked=&#8221;off&#8221; global_colors_info=&#8221;{}&#8221;][et_pb_row _builder_version=&#8221;4.25.1&#8243; _module_preset=&#8221;default&#8221; global_colors_info=&#8221;{}&#8221;][et_pb_column type=&#8221;4_4&#8243; _builder_version=&#8221;4.25.1&#8243; _module_preset=&#8221;default&#8221; global_colors_info=&#8221;{}&#8221;][et_pb_text _builder_version=&#8221;4.27.0&#8243; _module_preset=&#8221;default&#8221; text_orientation=&#8221;center&#8221; width=&#8221;45%&#8221; width_tablet=&#8221;47%&#8221; width_phone=&#8221;100%&#8221; width_last_edited=&#8221;on|phone&#8221; module_alignment=&#8221;center&#8221; module_alignment_tablet=&#8221;center&#8221; module_alignment_phone=&#8221;center&#8221; module_alignment_last_edited=&#8221;on|tablet&#8221; global_colors_info=&#8221;{}&#8221;]<\/p>\n<h2>Mit\u00e4 asiakkaamme sanovat SYKSYN aktiviteeteista<\/h2>\n<p>[\/et_pb_text][\/et_pb_column][\/et_pb_row][et_pb_row column_structure=&#8221;1_3,1_3,1_3&#8243; _builder_version=&#8221;4.25.1&#8243; _module_preset=&#8221;default&#8221; global_colors_info=&#8221;{}&#8221;][et_pb_column type=&#8221;1_3&#8243; _builder_version=&#8221;4.25.1&#8243; _module_preset=&#8221;default&#8221; global_colors_info=&#8221;{}&#8221;][et_pb_text _builder_version=&#8221;4.27.4&#8243; _module_preset=&#8221;default&#8221; text_font=&#8221;&#8211;et_global_heading_font|&#8211;et_global_heading_font_weight|||||||&#8221; text_text_color=&#8221;#961414&#8243; text_font_size=&#8221;20px&#8221; custom_margin=&#8221;||15px||false|false&#8221; global_colors_info=&#8221;{}&#8221;]<\/p>\n<p style=\"text-align: center;\">Loved it!<\/p>\n<p>[\/et_pb_text][et_pb_text _builder_version=&#8221;4.27.4&#8243; _module_preset=&#8221;default&#8221; text_orientation=&#8221;center&#8221; global_colors_info=&#8221;{}&#8221;]<\/p>\n<p>Loved the forest path raindeer ride. 2 adults and 1 children cost \u00a3100 from the information point in the main office. It was a lovely ride in the forest. Beautiful and quiet. Loved roasting marshmallows outside and the queue wasn\u2019t more than 5 minutes.<\/p>\n<p><strong>Bea G \/ Feb 2024<\/strong><\/p>\n<p>[\/et_pb_text][\/et_pb_column][et_pb_column type=&#8221;1_3&#8243; _builder_version=&#8221;4.25.1&#8243; _module_preset=&#8221;default&#8221; global_colors_info=&#8221;{}&#8221;][et_pb_text _builder_version=&#8221;4.27.4&#8243; _module_preset=&#8221;default&#8221; text_font=&#8221;&#8211;et_global_heading_font|&#8211;et_global_heading_font_weight|||||||&#8221; text_text_color=&#8221;#961414&#8243; text_font_size=&#8221;20px&#8221; custom_margin=&#8221;||15px||false|false&#8221; global_colors_info=&#8221;{}&#8221;]<\/p>\n<p style=\"text-align: center;\">A magical winter experience<\/p>\n<p>[\/et_pb_text][et_pb_text _builder_version=&#8221;4.27.4&#8243; _module_preset=&#8221;default&#8221; text_orientation=&#8221;center&#8221; global_colors_info=&#8221;{}&#8221;]<\/p>\n<p>We both really enjoyed our 3km reindeer ride. We shared a sledge and it was a relaxing 45 minute ride on the snow through the SCV site and adjacent woodlands at a walking pace. Our guide (Mikko) was happy to take our photo at the start and finish of the ride. We also had the opportunity to cook sausages and drink warm berry juice in a private covered area adjacent to the finish. In all, a magical winter experience<\/p>\n<p><strong>Jon \/ Feb 2024<\/strong><\/p>\n<p>[\/et_pb_text][\/et_pb_column][et_pb_column type=&#8221;1_3&#8243; _builder_version=&#8221;4.25.1&#8243; _module_preset=&#8221;default&#8221; global_colors_info=&#8221;{}&#8221;][et_pb_text _builder_version=&#8221;4.27.4&#8243; _module_preset=&#8221;default&#8221; text_font=&#8221;&#8211;et_global_heading_font|&#8211;et_global_heading_font_weight|||||||&#8221; text_text_color=&#8221;#961414&#8243; text_font_size=&#8221;20px&#8221; custom_margin=&#8221;||15px||false|false&#8221; global_colors_info=&#8221;{}&#8221;]<\/p>\n<p style=\"text-align: center;\">A beautiful, child friendly reindeer ride in the woods<\/p>\n<p>[\/et_pb_text][et_pb_text _builder_version=&#8221;4.27.4&#8243; _module_preset=&#8221;default&#8221; text_orientation=&#8221;center&#8221; global_colors_info=&#8221;{}&#8221;]<\/p>\n<p>We went for the 1000m reindeer sleigh ride and it we all loved it, such a beautiful trail. We arrived at 11:30am and had to queue for 45 minutes for the ride, but worth the wait.<\/p>\n<p><strong>joannesarah \/ Dec 2023<\/strong><\/p>\n<p>[\/et_pb_text][\/et_pb_column][\/et_pb_row][\/et_pb_section][et_pb_section fb_built=&#8221;1&#8243; _builder_version=&#8221;4.25.1&#8243; _module_preset=&#8221;default&#8221; background_color=&#8221;#3e3131&#8243; background_image=&#8221;https:\/\/www.santaclausreindeer.fi\/wp-content\/uploads\/2024\/06\/Santa-Claus-Reindeer-kotahovi2.jpg&#8221; background_blend=&#8221;lighten&#8221; locked=&#8221;off&#8221; global_colors_info=&#8221;{}&#8221;][et_pb_row _builder_version=&#8221;4.25.1&#8243; _module_preset=&#8221;default&#8221; global_colors_info=&#8221;{}&#8221;][et_pb_column type=&#8221;4_4&#8243; _builder_version=&#8221;4.25.1&#8243; _module_preset=&#8221;default&#8221; global_colors_info=&#8221;{}&#8221;][et_pb_text _builder_version=&#8221;4.27.4&#8243; _module_preset=&#8221;default&#8221; text_orientation=&#8221;center&#8221; background_layout=&#8221;dark&#8221; width=&#8221;48%&#8221; width_tablet=&#8221;72%&#8221; width_phone=&#8221;100%&#8221; width_last_edited=&#8221;on|phone&#8221; module_alignment=&#8221;center&#8221; module_alignment_tablet=&#8221;center&#8221; module_alignment_phone=&#8221;center&#8221; module_alignment_last_edited=&#8221;on|tablet&#8221; global_colors_info=&#8221;{}&#8221;]<\/p>\n<h2>Lappilaista ruokaa Joulupukin Pajakyl\u00e4ss\u00e4<\/h2>\n<p>[\/et_pb_text][et_pb_text _builder_version=&#8221;4.27.4&#8243; _module_preset=&#8221;default&#8221; text_font_size=&#8221;18px&#8221; text_orientation=&#8221;center&#8221; background_layout=&#8221;dark&#8221; width=&#8221;48%&#8221; width_tablet=&#8221;85%&#8221; width_phone=&#8221;100%&#8221; width_last_edited=&#8221;on|phone&#8221; module_alignment=&#8221;center&#8221; text_text_shadow_style=&#8221;preset3&#8243; text_text_shadow_color=&#8221;#3E3131&#8243; global_colors_info=&#8221;{}&#8221;]<\/p>\n<p>Lappiravintola Kotahovi tarjoaa perinteist\u00e4, laadukkaista raaka-aineista ja rakkaudella valmistettua lappilaista ja suomalaista ruokaa Napapiirill\u00e4. Kotaravintolassamme nautit Lapin tunnelmasta kaikilla aisteilla. Keskell\u00e4 ravintolasalia loimuaa avotuli, ja ikkunasta voit n\u00e4hd\u00e4 Santa Claus Reindeer -poropuiston poroja.<\/p>\n<p>[\/et_pb_text][et_pb_button button_url=&#8221;https:\/\/www.laplandrestaurant.fi\/userassets\/uploads\/Kesamenu-2024-1.pdf&#8221; url_new_window=&#8221;on&#8221; button_text=&#8221;Katso ruokalista&#8221; button_alignment=&#8221;center&#8221; _builder_version=&#8221;4.27.0&#8243; _module_preset=&#8221;default&#8221; custom_button=&#8221;on&#8221; button_text_color=&#8221;#3E3131&#8243; button_icon=&#8221;&#xf14d;||fa||900&#8243; button_icon_color=&#8221;#3E3131&#8243; button_on_hover=&#8221;off&#8221; global_colors_info=&#8221;{}&#8221;][\/et_pb_button][et_pb_button button_url=&#8221;https:\/\/www.laplandrestaurant.fi\/fi\/&#8221; url_new_window=&#8221;on&#8221; button_text=&#8221;Siirry Kotahovin sivustolle&#8221; button_alignment=&#8221;center&#8221; _builder_version=&#8221;4.27.0&#8243; _module_preset=&#8221;default&#8221; custom_button=&#8221;on&#8221; button_text_color=&#8221;#3E3131&#8243; button_icon=&#8221;&#xf14d;||fa||900&#8243; button_icon_color=&#8221;#3E3131&#8243; button_on_hover=&#8221;off&#8221; custom_margin=&#8221;||19px|||&#8221; global_colors_info=&#8221;{}&#8221;][\/et_pb_button][\/et_pb_column][\/et_pb_row][\/et_pb_section][et_pb_section fb_built=&#8221;1&#8243; _builder_version=&#8221;4.27.4&#8243; _module_preset=&#8221;default&#8221; locked=&#8221;off&#8221; global_colors_info=&#8221;{}&#8221;][et_pb_row _builder_version=&#8221;4.27.4&#8243; _module_preset=&#8221;default&#8221; global_colors_info=&#8221;{}&#8221;][et_pb_column type=&#8221;4_4&#8243; _builder_version=&#8221;4.27.4&#8243; _module_preset=&#8221;default&#8221; global_colors_info=&#8221;{}&#8221;][et_pb_heading title=&#8221;UKK \u2013 Rovaniemi tekemist\u00e4 SYKSYLL\u00c4&#8221; _builder_version=&#8221;4.27.4&#8243; _module_preset=&#8221;default&#8221; title_level=&#8221;h2&#8243; global_colors_info=&#8221;{}&#8221;][\/et_pb_heading][\/et_pb_column][\/et_pb_row][et_pb_row _builder_version=&#8221;4.27.4&#8243; _module_preset=&#8221;default&#8221; global_colors_info=&#8221;{}&#8221;][et_pb_column type=&#8221;4_4&#8243; _builder_version=&#8221;4.27.4&#8243; _module_preset=&#8221;default&#8221; global_colors_info=&#8221;{}&#8221;][et_pb_accordion open_toggle_text_color=&#8221;#961414&#8243; open_toggle_background_color=&#8221;RGBA(255,255,255,0)&#8221; closed_toggle_text_color=&#8221;#961414&#8243; closed_toggle_background_color=&#8221;RGBA(255,255,255,0)&#8221; toggle_icon=&#8221;&#x33;||divi||400&#8243; icon_color=&#8221;#961414&#8243; _builder_version=&#8221;4.27.4&#8243; _module_preset=&#8221;default&#8221; toggle_text_color=&#8221;#3E3131&#8243; toggle_level=&#8221;h3&#8243; background_color=&#8221;RGBA(255,255,255,0)&#8221; border_width_all=&#8221;0px&#8221; global_colors_info=&#8221;{}&#8221;][et_pb_accordion_item title=&#8221;Mit\u00e4 syksyn aktiviteetteja voin tehd\u00e4 Santa Claus Reindeerin kanssa Rovaniemell\u00e4?&#8221; open=&#8221;on&#8221; _builder_version=&#8221;4.27.4&#8243; _module_preset=&#8221;default&#8221; global_colors_info=&#8221;{}&#8221;]<\/p>\n<p>\u2022 <strong data-start=\"129\" data-end=\"157\">Santa Claus Summer Magic<\/strong> \u2013 Rentoa porojen kohtaamista Joulupukin Pajakyl\u00e4ss\u00e4, hauskoja aktiviteetteja kaikenik\u00e4isille, ei ennakkovarausta.<\/p>\n<p>\u2022 <strong data-start=\"276\" data-end=\"304\">Half a Day in the Arctic<\/strong> \u2013 Varaa etuk\u00e4teen ja sukella oikean arktisen poronhoitajan el\u00e4m\u00e4\u00e4n Lapin luonnon keskell\u00e4 k\u00e4yt\u00e4nn\u00f6n tekemisen kautta.<\/p>\n<p>\u2022 <strong data-start=\"647\" data-end=\"668\">Rekiajelu porolla<\/strong> \u2013 Lyhyet 5\u201315 minuutin poroajelut ovat saatavilla my\u00f6s syksyll\u00e4, s\u00e4\u00e4n salliessa.<\/p>\n<p>[\/et_pb_accordion_item][et_pb_accordion_item title=&#8221;Pit\u00e4\u00e4k\u00f6 aktiviteetti varata etuk\u00e4teen?&#8221; _builder_version=&#8221;4.27.4&#8243; _module_preset=&#8221;default&#8221; global_colors_info=&#8221;{}&#8221; open=&#8221;off&#8221;]<\/p>\n<p><strong>Santa Claus Summer Magic -el\u00e4mykseen<\/strong> ei tarvita ennakkovarausta \u2013 riitt\u00e4\u00e4, ett\u00e4 saavut paikalle aukioloaikojen puitteissa. Sama koskee my\u00f6s <strong>lyhyit\u00e4 poroajeluja<\/strong>, jotka ovat saatavilla syksyll\u00e4 s\u00e4\u00e4n mukaan. <strong>Half a Day in the Arctic<\/strong> sen sijaan vaatii ennakkovarauksen, sill\u00e4 ryhm\u00e4koot pidet\u00e4\u00e4n pienin\u00e4 yksil\u00f6llisen kokemuksen takaamiseksi.<\/p>\n<p>[\/et_pb_accordion_item][et_pb_accordion_item title=&#8221;Sopiiko t\u00e4m\u00e4 syksyn aktiviteetit lapsiperheille?&#8221; _builder_version=&#8221;4.27.4&#8243; _module_preset=&#8221;default&#8221; global_colors_info=&#8221;{}&#8221; open=&#8221;off&#8221;]<\/p>\n<p data-start=\"207\" data-end=\"421\" class=\"\">Ehdottomasti! <strong data-start=\"221\" data-end=\"249\">Santa Claus Summer Magic<\/strong> on t\u00e4ydellinen valinta perheille my\u00f6s syksyll\u00e4 \u2013 helppo ja mutkaton vierailu, jossa tapaatte lempeit\u00e4 poroja, ajatte polkuautoilla ja nautitte tunnelmasta nuotion \u00e4\u00e4rell\u00e4. Vanhemmat lapset voivat innostua my\u00f6s <strong data-start=\"461\" data-end=\"488\">poronhoitajael\u00e4myksest\u00e4<\/strong>, jos luonto, el\u00e4imet ja tekem\u00e4ll\u00e4 oppiminen kiinnostavat.<\/p>\n<p>[\/et_pb_accordion_item][et_pb_accordion_item title=&#8221;Mit\u00e4 Santa Claus Summer Magic -vierailu sis\u00e4lt\u00e4\u00e4?&#8221; _builder_version=&#8221;4.27.4&#8243; _module_preset=&#8221;default&#8221; global_colors_info=&#8221;{}&#8221; open=&#8221;off&#8221;]<\/p>\n<p data-start=\"227\" data-end=\"467\" class=\"\">Tapaat ja ruokit poroja niiden rauhallisessa aitauksessa, nautit nuotiokahvit, kuulet tasatunnein tarinoita poroista ja p\u00e4\u00e4set leikkim\u00e4\u00e4n pihapiiriss\u00e4 polkuautoilla \u2013 kaikki t\u00e4m\u00e4 Joulupukin Pajakyl\u00e4ss\u00e4, syksyisen Rovaniemen tunnelmassa.<\/p>\n<p>[\/et_pb_accordion_item][et_pb_accordion_item title=&#8221;Mit\u00e4 Half a Day in the Arctic -el\u00e4myksess\u00e4 tapahtuu?&#8221; _builder_version=&#8221;4.27.4&#8243; _module_preset=&#8221;default&#8221; global_colors_info=&#8221;{}&#8221; open=&#8221;off&#8221;]<\/p>\n<p>Liityt pieneen ryhm\u00e4\u00e4n ja viet\u00e4t aikaa oikean poronhoitajan kanssa syksyisess\u00e4 Lapin luonnossa. Ruokit poroja, seuraat niiden j\u00e4lki\u00e4 mets\u00e4ss\u00e4 ja opit perinteisi\u00e4 taitoja. El\u00e4mys huipentuu nuotion \u00e4\u00e4rell\u00e4, miss\u00e4 jaetaan tarinoita ja nautitaan l\u00e4mmin v\u00e4lipala rauhallisessa er\u00e4maamilj\u00f6\u00f6ss\u00e4.<\/p>\n<p>[\/et_pb_accordion_item][et_pb_accordion_item title=&#8221;Miten syksyn aktiviteetteihin tulisi pukeutua?&#8221; _builder_version=&#8221;4.27.4&#8243; _module_preset=&#8221;default&#8221; global_colors_info=&#8221;{}&#8221; open=&#8221;off&#8221;]<\/p>\n<p data-start=\"230\" data-end=\"479\" class=\"\">Molempiin aktiviteetteihin kannattaa pukeutua s\u00e4\u00e4nmukaisesti ja ulkoiluun sopivasti, sill\u00e4 <strong data-start=\"321\" data-end=\"368\">syksy Lapissa voi olla viile\u00e4 ja vaihteleva<\/strong>. <strong data-start=\"370\" data-end=\"398\">Santa Claus Summer Magic<\/strong> -vierailuun riitt\u00e4\u00e4 l\u00e4mmin takki, mukavat keng\u00e4t ja halutessasi pipo ja hanskat.<\/p>\n<p data-start=\"481\" data-end=\"681\" class=\"\"><strong data-start=\"481\" data-end=\"509\">Half a Day in the Arctic<\/strong> -el\u00e4mykseen suosittelemme tukevia jalkineita ja kerrospukeutumista, joka sopii mets\u00e4ss\u00e4 liikkumiseen ja vaihtelevaan s\u00e4\u00e4h\u00e4n. Sadevarusteet voivat olla hyv\u00e4 lis\u00e4 reppuun.<\/p>\n<p>[\/et_pb_accordion_item][et_pb_accordion_item title=&#8221;Ovatko n\u00e4m\u00e4 aktiviteetit saatavilla my\u00f6s kes\u00e4ll\u00e4?&#8221; _builder_version=&#8221;4.27.4&#8243; _module_preset=&#8221;default&#8221; global_colors_info=&#8221;{}&#8221; open=&#8221;off&#8221;]<\/p>\n<p>Kyll\u00e4, molemmat el\u00e4mykset ovat tarjolla sek\u00e4 kes\u00e4ll\u00e4 ett\u00e4 syksyll\u00e4. Ne tarjoavat hienon mahdollisuuden nauttia Rovaniemen luonnosta my\u00f6s talvikauden ulkopuolella.<\/p>\n<p>[\/et_pb_accordion_item][\/et_pb_accordion][\/et_pb_column][\/et_pb_row][\/et_pb_section]<\/p>\n","protected":false},"excerpt":{"rendered":"<p>Koe Rovaniemi syksyll\u00e4 Etsitk\u00f6 tekemist\u00e4 Rovaniemell\u00e4 syksyll\u00e4? Syksy tuo tullessaan Lapin ruskan, kirpe\u00e4n ilman ja ainutlaatuisen tunnelman. Syksy on t\u00e4ydellinen [&hellip;]<\/p>\n","protected":false},"author":2,"featured_media":0,"parent":0,"menu_order":0,"comment_status":"closed","ping_status":"closed","template":"","meta":{"_acf_changed":false,"_et_pb_use_builder":"on","_et_pb_old_content":"","_et_gb_content_width":"","inline_featured_image":false,"footnotes":""},"class_list":["post-63634","page","type-page","status-publish","hentry"],"acf":[],"yoast_head":"<!-- This site is optimized with the Yoast SEO plugin v27.5 - https:\/\/yoast.com\/product\/yoast-seo-wordpress\/ -->\n<title>Rovaniemi syksyll\u00e4 \u2013 Katso el\u00e4mykset \u2013 Santa Claus Reindeer<\/title>\n<meta name=\"description\" content=\"Rovaniemi syksyll\u00e4 \u2013 Koe Lapin upea ruska, raikas ilma ja ensimm\u00e4iset revontulet. Syksy on t\u00e4ydellinen aika nauttia luonnon rauhasta ja syksyn el\u00e4myksist\u00e4.\" \/>\n<meta name=\"robots\" content=\"index, follow, max-snippet:-1, max-image-preview:large, max-video-preview:-1\" \/>\n<link rel=\"canonical\" href=\"https:\/\/www.santaclausreindeer.fi\/fi\/rovaniemi-syksylla\/\" \/>\n<meta property=\"og:locale\" content=\"fi_FI\" \/>\n<meta property=\"og:type\" content=\"article\" \/>\n<meta property=\"og:title\" content=\"Rovaniemi syksyll\u00e4 \u2013 Katso el\u00e4mykset \u2013 Santa Claus Reindeer\" \/>\n<meta property=\"og:description\" content=\"Rovaniemi syksyll\u00e4 \u2013 Koe Lapin upea ruska, raikas ilma ja ensimm\u00e4iset revontulet. Syksy on t\u00e4ydellinen aika nauttia luonnon rauhasta ja syksyn el\u00e4myksist\u00e4.\" \/>\n<meta property=\"og:url\" content=\"https:\/\/www.santaclausreindeer.fi\/fi\/rovaniemi-syksylla\/\" \/>\n<meta property=\"og:site_name\" content=\"Santa Claus Reindeer\" \/>\n<meta property=\"article:publisher\" content=\"https:\/\/www.facebook.com\/SantaClausReindeer\/\" \/>\n<meta property=\"article:modified_time\" content=\"2025-08-26T07:48:00+00:00\" \/>\n<meta name=\"twitter:card\" content=\"summary_large_image\" \/>\n<meta name=\"twitter:label1\" content=\"Arvioitu lukuaika\" \/>\n\t<meta name=\"twitter:data1\" content=\"6 minuuttia\" \/>\n<script type=\"application\/ld+json\" class=\"yoast-schema-graph\">{\"@context\":\"https:\\\/\\\/schema.org\",\"@graph\":[{\"@type\":\"WebPage\",\"@id\":\"https:\\\/\\\/www.santaclausreindeer.fi\\\/fi\\\/rovaniemi-syksylla\\\/\",\"url\":\"https:\\\/\\\/www.santaclausreindeer.fi\\\/fi\\\/rovaniemi-syksylla\\\/\",\"name\":\"Rovaniemi syksyll\u00e4 \u2013 Katso el\u00e4mykset \u2013 Santa Claus Reindeer\",\"isPartOf\":{\"@id\":\"https:\\\/\\\/www.santaclausreindeer.fi\\\/fi\\\/#website\"},\"datePublished\":\"2024-06-05T09:38:56+00:00\",\"dateModified\":\"2025-08-26T07:48:00+00:00\",\"description\":\"Rovaniemi syksyll\u00e4 \u2013 Koe Lapin upea ruska, raikas ilma ja ensimm\u00e4iset revontulet. Syksy on t\u00e4ydellinen aika nauttia luonnon rauhasta ja syksyn el\u00e4myksist\u00e4.\",\"breadcrumb\":{\"@id\":\"https:\\\/\\\/www.santaclausreindeer.fi\\\/fi\\\/rovaniemi-syksylla\\\/#breadcrumb\"},\"inLanguage\":\"fi\",\"potentialAction\":[{\"@type\":\"ReadAction\",\"target\":[\"https:\\\/\\\/www.santaclausreindeer.fi\\\/fi\\\/rovaniemi-syksylla\\\/\"]}]},{\"@type\":\"BreadcrumbList\",\"@id\":\"https:\\\/\\\/www.santaclausreindeer.fi\\\/fi\\\/rovaniemi-syksylla\\\/#breadcrumb\",\"itemListElement\":[{\"@type\":\"ListItem\",\"position\":1,\"name\":\"Home\",\"item\":\"https:\\\/\\\/www.santaclausreindeer.fi\\\/fi\\\/\"},{\"@type\":\"ListItem\",\"position\":2,\"name\":\"Syksy\"}]},{\"@type\":\"WebSite\",\"@id\":\"https:\\\/\\\/www.santaclausreindeer.fi\\\/fi\\\/#website\",\"url\":\"https:\\\/\\\/www.santaclausreindeer.fi\\\/fi\\\/\",\"name\":\"Santa Claus Reindeer\",\"description\":\"Arctic Circle, Rovaniemi, Lapland\",\"publisher\":{\"@id\":\"https:\\\/\\\/www.santaclausreindeer.fi\\\/fi\\\/#organization\"},\"potentialAction\":[{\"@type\":\"SearchAction\",\"target\":{\"@type\":\"EntryPoint\",\"urlTemplate\":\"https:\\\/\\\/www.santaclausreindeer.fi\\\/fi\\\/?s={search_term_string}\"},\"query-input\":{\"@type\":\"PropertyValueSpecification\",\"valueRequired\":true,\"valueName\":\"search_term_string\"}}],\"inLanguage\":\"fi\"},{\"@type\":\"Organization\",\"@id\":\"https:\\\/\\\/www.santaclausreindeer.fi\\\/fi\\\/#organization\",\"name\":\"Santa Claus Reindeer\",\"url\":\"https:\\\/\\\/www.santaclausreindeer.fi\\\/fi\\\/\",\"logo\":{\"@type\":\"ImageObject\",\"inLanguage\":\"fi\",\"@id\":\"https:\\\/\\\/www.santaclausreindeer.fi\\\/fi\\\/#\\\/schema\\\/logo\\\/image\\\/\",\"url\":\"https:\\\/\\\/www.santaclausreindeer.fi\\\/wp-content\\\/uploads\\\/2024\\\/10\\\/scr_logo_vaakaslogan-RVN-RGB-opt.svg\",\"contentUrl\":\"https:\\\/\\\/www.santaclausreindeer.fi\\\/wp-content\\\/uploads\\\/2024\\\/10\\\/scr_logo_vaakaslogan-RVN-RGB-opt.svg\",\"width\":396,\"height\":212,\"caption\":\"Santa Claus Reindeer\"},\"image\":{\"@id\":\"https:\\\/\\\/www.santaclausreindeer.fi\\\/fi\\\/#\\\/schema\\\/logo\\\/image\\\/\"},\"sameAs\":[\"https:\\\/\\\/www.facebook.com\\\/SantaClausReindeer\\\/\",\"https:\\\/\\\/www.instagram.com\\\/santaclausreindeer\\\/\",\"https:\\\/\\\/www.youtube.com\\\/user\\\/santareindeerlapland\",\"https:\\\/\\\/www.tripadvisor.fr\\\/Attraction_Review-g189922-d6662018-Reviews-Santa_Claus_Reindeer-Rovaniemi_Lapland.html\"]}]}<\/script>\n<!-- \/ Yoast SEO plugin. -->","yoast_head_json":{"title":"Rovaniemi syksyll\u00e4 \u2013 Katso el\u00e4mykset \u2013 Santa Claus Reindeer","description":"Rovaniemi syksyll\u00e4 \u2013 Koe Lapin upea ruska, raikas ilma ja ensimm\u00e4iset revontulet. Syksy on t\u00e4ydellinen aika nauttia luonnon rauhasta ja syksyn el\u00e4myksist\u00e4.","robots":{"index":"index","follow":"follow","max-snippet":"max-snippet:-1","max-image-preview":"max-image-preview:large","max-video-preview":"max-video-preview:-1"},"canonical":"https:\/\/www.santaclausreindeer.fi\/fi\/rovaniemi-syksylla\/","og_locale":"fi_FI","og_type":"article","og_title":"Rovaniemi syksyll\u00e4 \u2013 Katso el\u00e4mykset \u2013 Santa Claus Reindeer","og_description":"Rovaniemi syksyll\u00e4 \u2013 Koe Lapin upea ruska, raikas ilma ja ensimm\u00e4iset revontulet. Syksy on t\u00e4ydellinen aika nauttia luonnon rauhasta ja syksyn el\u00e4myksist\u00e4.","og_url":"https:\/\/www.santaclausreindeer.fi\/fi\/rovaniemi-syksylla\/","og_site_name":"Santa Claus Reindeer","article_publisher":"https:\/\/www.facebook.com\/SantaClausReindeer\/","article_modified_time":"2025-08-26T07:48:00+00:00","twitter_card":"summary_large_image","twitter_misc":{"Arvioitu lukuaika":"6 minuuttia"},"schema":{"@context":"https:\/\/schema.org","@graph":[{"@type":"WebPage","@id":"https:\/\/www.santaclausreindeer.fi\/fi\/rovaniemi-syksylla\/","url":"https:\/\/www.santaclausreindeer.fi\/fi\/rovaniemi-syksylla\/","name":"Rovaniemi syksyll\u00e4 \u2013 Katso el\u00e4mykset \u2013 Santa Claus Reindeer","isPartOf":{"@id":"https:\/\/www.santaclausreindeer.fi\/fi\/#website"},"datePublished":"2024-06-05T09:38:56+00:00","dateModified":"2025-08-26T07:48:00+00:00","description":"Rovaniemi syksyll\u00e4 \u2013 Koe Lapin upea ruska, raikas ilma ja ensimm\u00e4iset revontulet. Syksy on t\u00e4ydellinen aika nauttia luonnon rauhasta ja syksyn el\u00e4myksist\u00e4.","breadcrumb":{"@id":"https:\/\/www.santaclausreindeer.fi\/fi\/rovaniemi-syksylla\/#breadcrumb"},"inLanguage":"fi","potentialAction":[{"@type":"ReadAction","target":["https:\/\/www.santaclausreindeer.fi\/fi\/rovaniemi-syksylla\/"]}]},{"@type":"BreadcrumbList","@id":"https:\/\/www.santaclausreindeer.fi\/fi\/rovaniemi-syksylla\/#breadcrumb","itemListElement":[{"@type":"ListItem","position":1,"name":"Home","item":"https:\/\/www.santaclausreindeer.fi\/fi\/"},{"@type":"ListItem","position":2,"name":"Syksy"}]},{"@type":"WebSite","@id":"https:\/\/www.santaclausreindeer.fi\/fi\/#website","url":"https:\/\/www.santaclausreindeer.fi\/fi\/","name":"Santa Claus Reindeer","description":"Arctic Circle, Rovaniemi, Lapland","publisher":{"@id":"https:\/\/www.santaclausreindeer.fi\/fi\/#organization"},"potentialAction":[{"@type":"SearchAction","target":{"@type":"EntryPoint","urlTemplate":"https:\/\/www.santaclausreindeer.fi\/fi\/?s={search_term_string}"},"query-input":{"@type":"PropertyValueSpecification","valueRequired":true,"valueName":"search_term_string"}}],"inLanguage":"fi"},{"@type":"Organization","@id":"https:\/\/www.santaclausreindeer.fi\/fi\/#organization","name":"Santa Claus Reindeer","url":"https:\/\/www.santaclausreindeer.fi\/fi\/","logo":{"@type":"ImageObject","inLanguage":"fi","@id":"https:\/\/www.santaclausreindeer.fi\/fi\/#\/schema\/logo\/image\/","url":"https:\/\/www.santaclausreindeer.fi\/wp-content\/uploads\/2024\/10\/scr_logo_vaakaslogan-RVN-RGB-opt.svg","contentUrl":"https:\/\/www.santaclausreindeer.fi\/wp-content\/uploads\/2024\/10\/scr_logo_vaakaslogan-RVN-RGB-opt.svg","width":396,"height":212,"caption":"Santa Claus Reindeer"},"image":{"@id":"https:\/\/www.santaclausreindeer.fi\/fi\/#\/schema\/logo\/image\/"},"sameAs":["https:\/\/www.facebook.com\/SantaClausReindeer\/","https:\/\/www.instagram.com\/santaclausreindeer\/","https:\/\/www.youtube.com\/user\/santareindeerlapland","https:\/\/www.tripadvisor.fr\/Attraction_Review-g189922-d6662018-Reviews-Santa_Claus_Reindeer-Rovaniemi_Lapland.html"]}]}},"_links":{"self":[{"href":"https:\/\/www.santaclausreindeer.fi\/fi\/wp-json\/wp\/v2\/pages\/63634","targetHints":{"allow":["GET"]}}],"collection":[{"href":"https:\/\/www.santaclausreindeer.fi\/fi\/wp-json\/wp\/v2\/pages"}],"about":[{"href":"https:\/\/www.santaclausreindeer.fi\/fi\/wp-json\/wp\/v2\/types\/page"}],"author":[{"embeddable":true,"href":"https:\/\/www.santaclausreindeer.fi\/fi\/wp-json\/wp\/v2\/users\/2"}],"replies":[{"embeddable":true,"href":"https:\/\/www.santaclausreindeer.fi\/fi\/wp-json\/wp\/v2\/comments?post=63634"}],"version-history":[{"count":5,"href":"https:\/\/www.santaclausreindeer.fi\/fi\/wp-json\/wp\/v2\/pages\/63634\/revisions"}],"predecessor-version":[{"id":68408,"href":"https:\/\/www.santaclausreindeer.fi\/fi\/wp-json\/wp\/v2\/pages\/63634\/revisions\/68408"}],"wp:attachment":[{"href":"https:\/\/www.santaclausreindeer.fi\/fi\/wp-json\/wp\/v2\/media?parent=63634"}],"curies":[{"name":"wp","href":"https:\/\/api.w.org\/{rel}","templated":true}]}}